{"id":31124,"date":"2019-08-26T13:38:05","date_gmt":"2019-08-26T17:38:05","guid":{"rendered":"https:\/\/unitedwayeo.mydev.ca\/copy-of-partner-agencies\/copy-of-eligibility-for-funding-in-renfrew-county\/"},"modified":"2019-09-08T23:39:19","modified_gmt":"2019-09-09T03:39:19","slug":"admissibilite-au-financement-dans-renfrew-county","status":"publish","type":"page","link":"https:\/\/unitedwayeo.mydev.ca\/fr\/organismes-partenaires\/admissibilite-au-financement-dans-renfrew-county\/","title":{"rendered":"Admissibilit\u00e9 au financement dans Renfrew County"},"content":{"rendered":"\t\t<div data-elementor-type=\"wp-page\" data-elementor-id=\"31124\" class=\"elementor elementor-31124 elementor-28983\" data-elementor-post-type=\"page\">\n\t\t\t\t\t\t<section class=\"elementor-section elementor-top-section elementor-element elementor-element-63e472fc elementor-section-boxed elementor-section-height-default elementor-section-height-default\" data-id=\"63e472fc\" data-element_type=\"section\">\n\t\t\t\t\t\t<div class=\"elementor-container elementor-column-gap-default\">\n\t\t\t\t\t<div class=\"elementor-column elementor-col-100 elementor-top-column elementor-element elementor-element-1001a1f0\" data-id=\"1001a1f0\" data-element_type=\"column\">\n\t\t\t<div class=\"elementor-widget-wrap elementor-element-populated\">\n\t\t\t\t\t\t<div class=\"elementor-element elementor-element-44cb751a elementor-widget elementor-widget-heading\" data-id=\"44cb751a\" data-element_type=\"widget\" data-widget_type=\"heading.default\">\n\t\t\t\t<div class=\"elementor-widget-container\">\n\t\t\t<h1 class=\"elementor-heading-title elementor-size-default\">Admissibilit\u00e9 au financement dans Renfrew County<\/h1>\t\t<\/div>\n\t\t\t\t<\/div>\n\t\t\t\t\t<\/div>\n\t\t<\/div>\n\t\t\t\t\t<\/div>\n\t\t<\/section>\n\t\t\t\t<section class=\"elementor-section elementor-top-section elementor-element elementor-element-6bda60dd elementor-section-boxed elementor-section-height-default elementor-section-height-default\" data-id=\"6bda60dd\" data-element_type=\"section\">\n\t\t\t\t\t\t<div class=\"elementor-container elementor-column-gap-default\">\n\t\t\t\t\t<div class=\"elementor-column elementor-col-33 elementor-top-column elementor-element elementor-element-43dd9a39\" data-id=\"43dd9a39\" data-element_type=\"column\">\n\t\t\t<div class=\"elementor-widget-wrap elementor-element-populated\">\n\t\t\t\t\t\t<div class=\"elementor-element elementor-element-f4096db elementor-align-justify elementor-widget__width-inherit elementor-widget elementor-widget-button\" data-id=\"f4096db\" data-element_type=\"widget\" data-widget_type=\"button.default\">\n\t\t\t\t<div class=\"elementor-widget-container\">\n\t\t\t\t\t<div class=\"elementor-button-wrapper\">\n\t\t\t<a class=\"elementor-button elementor-button-link elementor-size-lg\" href=\"https:\/\/uwco.smartsimple.ca\/s_Login.jsp\" target=\"_blank\">\n\t\t\t\t\t\t<span class=\"elementor-button-content-wrapper\">\n\t\t\t\t\t\t\t\t\t<span class=\"elementor-button-text\">ACC\u00c8S AU PORTAIL DES ORGANISMES PARTENAIRES<\/span>\n\t\t\t\t\t<\/span>\n\t\t\t\t\t<\/a>\n\t\t<\/div>\n\t\t\t\t<\/div>\n\t\t\t\t<\/div>\n\t\t\t\t<div class=\"elementor-element elementor-element-5c9f260f elementor-widget-divider--view-line elementor-widget elementor-widget-divider\" data-id=\"5c9f260f\" data-element_type=\"widget\" data-widget_type=\"divider.default\">\n\t\t\t\t<div class=\"elementor-widget-container\">\n\t\t\t\t\t<div class=\"elementor-divider\">\n\t\t\t<span class=\"elementor-divider-separator\">\n\t\t\t\t\t\t<\/span>\n\t\t<\/div>\n\t\t\t\t<\/div>\n\t\t\t\t<\/div>\n\t\t\t\t<div class=\"elementor-element elementor-element-83d55e4 elementor-widget elementor-widget-heading\" data-id=\"83d55e4\" data-element_type=\"widget\" data-widget_type=\"heading.default\">\n\t\t\t\t<div class=\"elementor-widget-container\">\n\t\t\t<h5 class=\"elementor-heading-title elementor-size-default\">Appel de propositions et occasions d\u2019investissement<\/h5>\t\t<\/div>\n\t\t\t\t<\/div>\n\t\t\t\t<div class=\"elementor-element elementor-element-7718f4c elementor-widget elementor-widget-text-editor\" data-id=\"7718f4c\" data-element_type=\"widget\" data-widget_type=\"text-editor.default\">\n\t\t\t\t<div class=\"elementor-widget-container\">\n\t\t\t\t\t\t\t<p>Choisissez une r\u00e9gion\u00a0:<\/p>\t\t\t\t\t\t<\/div>\n\t\t\t\t<\/div>\n\t\t\t\t<div class=\"elementor-element elementor-element-00a68dc elementor-icon-list--layout-traditional elementor-list-item-link-full_width elementor-widget elementor-widget-icon-list\" data-id=\"00a68dc\" data-element_type=\"widget\" data-widget_type=\"icon-list.default\">\n\t\t\t\t<div class=\"elementor-widget-container\">\n\t\t\t\t\t<ul class=\"elementor-icon-list-items\">\n\t\t\t\t\t\t\t<li class=\"elementor-icon-list-item\">\n\t\t\t\t\t\t\t\t\t\t\t<a href=\"\/organismes-partenaires\/admissibilite-au-financement-dans-prescott-et-russell\/\">\n\n\t\t\t\t\t\t\t\t\t\t\t\t<span class=\"elementor-icon-list-icon\">\n\t\t\t\t\t\t\t<i aria-hidden=\"true\" class=\"far fa-arrow-alt-circle-right\"><\/i>\t\t\t\t\t\t<\/span>\n\t\t\t\t\t\t\t\t\t\t<span class=\"elementor-icon-list-text\">Prescott et Russell<\/span>\n\t\t\t\t\t\t\t\t\t\t\t<\/a>\n\t\t\t\t\t\t\t\t\t<\/li>\n\t\t\t\t\t\t\t\t<li class=\"elementor-icon-list-item\">\n\t\t\t\t\t\t\t\t\t\t\t<a href=\"\/organismes-partenaires\/admissibilite-au-financement-dans-ottawa\/\">\n\n\t\t\t\t\t\t\t\t\t\t\t\t<span class=\"elementor-icon-list-icon\">\n\t\t\t\t\t\t\t<i aria-hidden=\"true\" class=\"far fa-arrow-alt-circle-right\"><\/i>\t\t\t\t\t\t<\/span>\n\t\t\t\t\t\t\t\t\t\t<span class=\"elementor-icon-list-text\">Ottawa<\/span>\n\t\t\t\t\t\t\t\t\t\t\t<\/a>\n\t\t\t\t\t\t\t\t\t<\/li>\n\t\t\t\t\t\t\t\t<li class=\"elementor-icon-list-item\">\n\t\t\t\t\t\t\t\t\t\t\t<a href=\"\/organismes-partenaires\/admissibilite-au-financement-dans-lanark-county\/\">\n\n\t\t\t\t\t\t\t\t\t\t\t\t<span class=\"elementor-icon-list-icon\">\n\t\t\t\t\t\t\t<i aria-hidden=\"true\" class=\"far fa-arrow-alt-circle-right\"><\/i>\t\t\t\t\t\t<\/span>\n\t\t\t\t\t\t\t\t\t\t<span class=\"elementor-icon-list-text\">Comt\u00e9 de Lanark<\/span>\n\t\t\t\t\t\t\t\t\t\t\t<\/a>\n\t\t\t\t\t\t\t\t\t<\/li>\n\t\t\t\t\t\t\t\t<li class=\"elementor-icon-list-item\">\n\t\t\t\t\t\t\t\t\t\t\t<a href=\"\/organismes-partenaires\/admissibilite-au-financement-dans-renfrew-county\/\">\n\n\t\t\t\t\t\t\t\t\t\t\t\t<span class=\"elementor-icon-list-icon\">\n\t\t\t\t\t\t\t<i aria-hidden=\"true\" class=\"far fa-arrow-alt-circle-right\"><\/i>\t\t\t\t\t\t<\/span>\n\t\t\t\t\t\t\t\t\t\t<span class=\"elementor-icon-list-text\">Comt\u00e9 de Renfrew<\/span>\n\t\t\t\t\t\t\t\t\t\t\t<\/a>\n\t\t\t\t\t\t\t\t\t<\/li>\n\t\t\t\t\t\t<\/ul>\n\t\t\t\t<\/div>\n\t\t\t\t<\/div>\n\t\t\t\t<div class=\"elementor-element elementor-element-7e71b60a elementor-widget-divider--view-line elementor-widget elementor-widget-divider\" data-id=\"7e71b60a\" data-element_type=\"widget\" data-widget_type=\"divider.default\">\n\t\t\t\t<div class=\"elementor-widget-container\">\n\t\t\t\t\t<div class=\"elementor-divider\">\n\t\t\t<span class=\"elementor-divider-separator\">\n\t\t\t\t\t\t<\/span>\n\t\t<\/div>\n\t\t\t\t<\/div>\n\t\t\t\t<\/div>\n\t\t\t\t<div class=\"elementor-element elementor-element-e1502f2 elementor-widget elementor-widget-text-editor\" data-id=\"e1502f2\" data-element_type=\"widget\" data-widget_type=\"text-editor.default\">\n\t\t\t\t<div class=\"elementor-widget-container\">\n\t\t\t\t\t\t\t<p>Pour de plus amples renseignements, veuillez communiquer avec nous par courriel \u00e0 <a href=\"mailto:infoagences@centraideeo.ca\">infoagences@centraideeo.ca<\/a>.<\/p>\t\t\t\t\t\t<\/div>\n\t\t\t\t<\/div>\n\t\t\t\t\t<\/div>\n\t\t<\/div>\n\t\t\t\t<div class=\"elementor-column elementor-col-66 elementor-top-column elementor-element elementor-element-345bbe08\" data-id=\"345bbe08\" data-element_type=\"column\">\n\t\t\t<div class=\"elementor-widget-wrap elementor-element-populated\">\n\t\t\t\t\t\t<div class=\"elementor-element elementor-element-4ce85d84 elementor-widget elementor-widget-text-editor\" data-id=\"4ce85d84\" data-element_type=\"widget\" data-widget_type=\"text-editor.default\">\n\t\t\t\t<div class=\"elementor-widget-container\">\n\t\t\t\t\t\t\t<p><strong>L\u2019appel de propositions pour l\u2019ann\u00e9e 2019 est d\u00e9sormais clos. Le processus s\u2019adressait \u00e0 tous les organismes de services communautaires qui ont prouv\u00e9 leur efficacit\u00e9 et qui s\u2019alignent avec nos objectifs prioritaires.<\/strong><\/p><p>Seuls les organismes de bienfaisance \u0153uvrant dans le domaine de services sociaux dans le comt\u00e9 de Renfrew, reconnus par l\u2019Agence du revenu du Canada, seront consid\u00e9r\u00e9s pour un financement.<\/p><p>Centraide investit dans des projets align\u00e9s avec ses domaines cibl\u00e9s\u00a0: R\u00e9ussite des jeunes, Am\u00e9lioration des conditions de vie et Sant\u00e9 des gens et des communaut\u00e9s. Nos objectifs prioritaires pour ces domaines cibl\u00e9s comprennent les suivants\u00a0:<\/p><ul><li>Am\u00e9liorer le bien-\u00eatre des personnes \u00e2g\u00e9es en r\u00e9duisant les facteurs qui m\u00e8nent \u00e0 l\u2019isolement et \u00e0 la vuln\u00e9rabilit\u00e9, tout en respectant leur autonomie<\/li><li>Permettre aux enfants d\u2019\u00eatre r\u00e9silients, en bonne sant\u00e9 et pr\u00eats \u00e0 apprendre<\/li><li>Faire en sorte que les enfants et les jeunes soient engag\u00e9s et actifs au quotidien<\/li><li>Offrir un acc\u00e8s aux services de soutien communautaires coordonn\u00e9s aux personnes souffrant de probl\u00e8mes de sant\u00e9 mentale ou de toxicomanie<\/li><li>S\u2019assurer que les personnes en situation de crise ont acc\u00e8s \u00e0 des services de soutien imm\u00e9diats et coordonn\u00e9es<\/li><\/ul><h3><strong>Demande de financement <\/strong><\/h3><p>Notre processus de candidature pour 2019 est d\u00e9sormais clos et nous nous pr\u00e9parons pour notre nouveau cycle de financement. Communiquez avec <a href=\"\/contactez-nous\/\">notre bureau local<\/a>\u00a0pour obtenir de plus amples renseignements ou consultez <a href=\"\/wp-content\/uploads\/2019\/09\/UWRC-Grant-Application-2019-INTRUCTIONS.pdf\" target=\"_blank\" rel=\"noopener\">nos crit\u00e8res d\u2019admissibilit\u00e9<\/a>.<\/p>\t\t\t\t\t\t<\/div>\n\t\t\t\t<\/div>\n\t\t\t\t<div class=\"elementor-element elementor-element-b073a08 elementor-widget elementor-widget-text-editor\" data-id=\"b073a08\" data-element_type=\"widget\" data-widget_type=\"text-editor.default\">\n\t\t\t\t<div class=\"elementor-widget-container\">\n\t\t\t\t\t\t\t<p><strong>Dates cl\u00e9s\u00a0 <\/strong><\/p><table width=\"517\"><tbody><tr><td width=\"196\">4\u00a0d\u00e9cembre 2018<\/td><td width=\"321\">Lancement des appels de propositions<\/td><\/tr><tr><td width=\"196\">22\u00a0janvier 2019\u00a0<\/td><td width=\"321\">Date limite pour la liste de v\u00e9rification des documents<\/td><\/tr><tr><td width=\"196\"><strong>29\u00a0janvier 2019<\/strong><\/td><td width=\"321\"><strong>Date limite des appels de proposition<\/strong><\/td><\/tr><tr><td width=\"196\">F\u00e9vrier \u00e0 avril 2019<\/td><td width=\"321\">Processus d\u2019\u00e9valuation des demandes de l\u2019appel de propositions<\/td><\/tr><tr><td width=\"196\">D\u00e9but du mois de mai 2019<\/td><td width=\"321\">Notification des demandeurs<\/td><\/tr><tr><td width=\"196\">1<sup>er<\/sup>\u00a0juillet 2019 au 30\u00a0juin 2020<\/td><td width=\"321\">Prochain cycle de financement<\/td><\/tr><\/tbody><\/table>\t\t\t\t\t\t<\/div>\n\t\t\t\t<\/div>\n\t\t\t\t<div class=\"elementor-element elementor-element-1f7888c elementor-widget elementor-widget-button\" data-id=\"1f7888c\" data-element_type=\"widget\" data-widget_type=\"button.default\">\n\t\t\t\t<div class=\"elementor-widget-container\">\n\t\t\t\t\t<div class=\"elementor-button-wrapper\">\n\t\t\t<a class=\"elementor-button elementor-button-link elementor-size-md\" href=\"\/wp-content\/uploads\/2019\/08\/UWRC-Grant-Application-2019.pdf\" target=\"_blank\">\n\t\t\t\t\t\t<span class=\"elementor-button-content-wrapper\">\n\t\t\t\t\t\t<span class=\"elementor-button-icon\">\n\t\t\t\t<i aria-hidden=\"true\" class=\"far fa-file-pdf\"><\/i>\t\t\t<\/span>\n\t\t\t\t\t\t\t\t\t<span class=\"elementor-button-text\">Formulaire de demande<\/span>\n\t\t\t\t\t<\/span>\n\t\t\t\t\t<\/a>\n\t\t<\/div>\n\t\t\t\t<\/div>\n\t\t\t\t<\/div>\n\t\t\t\t\t<\/div>\n\t\t<\/div>\n\t\t\t\t\t<\/div>\n\t\t<\/section>\n\t\t\t\t<section class=\"elementor-section elementor-top-section elementor-element elementor-element-498659db elementor-section-boxed elementor-section-height-default elementor-section-height-default\" data-id=\"498659db\" data-element_type=\"section\">\n\t\t\t\t\t\t<div class=\"elementor-container elementor-column-gap-default\">\n\t\t\t\t\t<div class=\"elementor-column elementor-col-100 elementor-top-column elementor-element elementor-element-3d856c6a\" data-id=\"3d856c6a\" data-element_type=\"column\">\n\t\t\t<div class=\"elementor-widget-wrap elementor-element-populated\">\n\t\t\t\t\t\t<div class=\"elementor-element elementor-element-54ac9182 elementor-widget elementor-widget-spacer\" data-id=\"54ac9182\" data-element_type=\"widget\" data-widget_type=\"spacer.default\">\n\t\t\t\t<div class=\"elementor-widget-container\">\n\t\t\t\t\t<div class=\"elementor-spacer\">\n\t\t\t<div class=\"elementor-spacer-inner\"><\/div>\n\t\t<\/div>\n\t\t\t\t<\/div>\n\t\t\t\t<\/div>\n\t\t\t\t\t<\/div>\n\t\t<\/div>\n\t\t\t\t\t<\/div>\n\t\t<\/section>\n\t\t\t\t<\/div>\n\t\t","protected":false},"excerpt":{"rendered":"<p>Admissibilit\u00e9 au financement dans Renfrew County ACC\u00c8S AU PORTAIL DES ORGANISMES PARTENAIRES Appel de propositions et occasions d\u2019investissement Choisissez une r\u00e9gion\u00a0: Prescott et Russell Ottawa Comt\u00e9 de Lanark Comt\u00e9 de Renfrew Pour de plus amples renseignements, veuillez communiquer avec nous par courriel \u00e0 infoagences@centraideeo.ca. L\u2019appel de propositions pour l\u2019ann\u00e9e 2019 est d\u00e9sormais clos. Le processus &#8230; <a title=\"Admissibilit\u00e9 au financement dans Renfrew County\" class=\"read-more\" href=\"https:\/\/unitedwayeo.mydev.ca\/fr\/organismes-partenaires\/admissibilite-au-financement-dans-renfrew-county\/\" aria-label=\"Plus sur Admissibilit\u00e9 au financement dans Renfrew County\">Lire plus<\/a><\/p>\n","protected":false},"author":8,"featured_media":0,"parent":31122,"menu_order":0,"comment_status":"closed","ping_status":"closed","template":"","meta":{"_acf_changed":false,"footnotes":""},"tags":[],"hashtags":[],"regions":[],"class_list":["post-31124","page","type-page","status-publish"],"acf":[],"aioseo_notices":[],"publishpress_future_action":{"enabled":false,"date":"2026-09-13 02:03:31","action":"change-status","newStatus":"draft","terms":[],"taxonomy":"regions"},"_links":{"self":[{"href":"https:\/\/unitedwayeo.mydev.ca\/fr\/wp-json\/wp\/v2\/pages\/31124"}],"collection":[{"href":"https:\/\/unitedwayeo.mydev.ca\/fr\/wp-json\/wp\/v2\/pages"}],"about":[{"href":"https:\/\/unitedwayeo.mydev.ca\/fr\/wp-json\/wp\/v2\/types\/page"}],"author":[{"embeddable":true,"href":"https:\/\/unitedwayeo.mydev.ca\/fr\/wp-json\/wp\/v2\/users\/8"}],"replies":[{"embeddable":true,"href":"https:\/\/unitedwayeo.mydev.ca\/fr\/wp-json\/wp\/v2\/comments?post=31124"}],"version-history":[{"count":13,"href":"https:\/\/unitedwayeo.mydev.ca\/fr\/wp-json\/wp\/v2\/pages\/31124\/revisions"}],"predecessor-version":[{"id":31764,"href":"https:\/\/unitedwayeo.mydev.ca\/fr\/wp-json\/wp\/v2\/pages\/31124\/revisions\/31764"}],"up":[{"embeddable":true,"href":"https:\/\/unitedwayeo.mydev.ca\/fr\/wp-json\/wp\/v2\/pages\/31122"}],"wp:attachment":[{"href":"https:\/\/unitedwayeo.mydev.ca\/fr\/wp-json\/wp\/v2\/media?parent=31124"}],"wp:term":[{"taxonomy":"post_tag","embeddable":true,"href":"https:\/\/unitedwayeo.mydev.ca\/fr\/wp-json\/wp\/v2\/tags?post=31124"},{"taxonomy":"hashtags","embeddable":true,"href":"https:\/\/unitedwayeo.mydev.ca\/fr\/wp-json\/wp\/v2\/hashtags?post=31124"},{"taxonomy":"regions","embeddable":true,"href":"https:\/\/unitedwayeo.mydev.ca\/fr\/wp-json\/wp\/v2\/regions?post=31124"}],"curies":[{"name":"wp","href":"https:\/\/api.w.org\/{rel}","templated":true}]}}